 {"id":4341,"date":"2018-10-26T09:19:51","date_gmt":"2018-10-26T12:19:51","guid":{"rendered":"http:\/\/10.0.1.20\/?page_id=4341"},"modified":"2026-08-24T08:59:43","modified_gmt":"2026-08-24T11:59:43","slug":"relaciones-publicas","status":"publish","type":"page","link":"https:\/\/sociales.unlz.edu.ar\/index.php\/relaciones-publicas\/","title":{"rendered":"Relaciones P\u00fablicas"},"content":{"rendered":"<div class=\"wpb-content-wrapper\"><p>[vc_row css=&#8221;.vc_custom_1650984117222{background-color: #efefef !important;}&#8221;][vc_column][vc_column_text css=&#8221;&#8221;]<\/p>\n<h2 class=\"p1\"><b>PERFIL DEL T\u00c9CNICO\/A EN RELACIONES P\u00daBLICAS<\/b><\/h2>\n<p>[\/vc_column_text][vc_column_text css=&#8221;&#8221;]<\/p>\n<p class=\"p1\">El\/la T\u00e9cnico\/a Universitario\/a en Relaciones P\u00fablicas de la Universidad Nacional de Lomas de Zamora es un\/a graduado\/a universitario\/a con s\u00f3lida formaci\u00f3n te\u00f3rica, metodol\u00f3gica y t\u00e9cnica en el campo de las relaciones comunicacionales, humanas e institucionales, que puede participar en los procesos de construcci\u00f3n de imagen y en la optimizaci\u00f3n de las relaciones de una organizaci\u00f3n con sus p\u00fablicos internos y externos.<\/p>\n<p class=\"p1\">Posee capacidad para desempe\u00f1arse profesionalmente colaborando en la resoluci\u00f3n de situaciones de gesti\u00f3n institucional, asistiendo en el proceso de gesti\u00f3n de la identidad y la imagen de una organizaci\u00f3n, definiendo estrategias y dise\u00f1ando pol\u00edticas de promoci\u00f3n y publicidad.<\/p>\n<p class=\"p1\">Posee conocimientos sobre los sistemas comunicacionales y de gesti\u00f3n, lo cual le permite colaborar en diferentes niveles de las organizaciones, participar y aportar elementos te\u00f3ricos y metodol\u00f3gicos, en el marco de los objetivos generales de la comunicaci\u00f3n institucional.<\/p>\n<p class=\"p1\">Posee formaci\u00f3n espec\u00edfica sobre estrategias metodol\u00f3gicas y t\u00e9cnicas apropiadas para desempe\u00f1arse en el campo de la opini\u00f3n p\u00fablica, la imagen, las organizaciones y la cultura corporativa que le permite reconocer los medios de comunicaci\u00f3n m\u00e1s adecuados para satisfacer las necesidades comunicativas de la organizaci\u00f3n y sus p\u00fablicos, incluyendo las derivadas de las nuevas tecnolog\u00edas.<\/p>\n<p class=\"p1\">Es capaz de aplicar las t\u00e9cnicas comunicacionales a fin de aumentar el grado de efectividad de las interrelaciones en los distintos \u00e1mbitos institucionales.<\/p>\n<p class=\"p1\">Es capaz de comprender los actuales escenarios econ\u00f3mico, social, pol\u00edtico y cultural, a nivel nacional y local, con el prop\u00f3sito de optimizar las comunicaciones internas y externas de todo tipo de instituciones y sus p\u00fablicos.<\/p>\n<p class=\"p1\">Posee formaci\u00f3n t\u00e9cnica para dise\u00f1ar e implementar estrategias de intervenci\u00f3n que permitan diagnosticar, analizar y gestionar el complejo comunicacional en distintas organizaciones.<span class=\"Apple-converted-space\">\u00a0<\/span><\/p>\n<p>[\/vc_column_text][\/vc_column][\/vc_row][vc_row css=&#8221;.vc_custom_1650984342787{background-color: #e0e0e0 !important;}&#8221;][vc_column][vc_column_text css=&#8221;&#8221;]<\/p>\n<h2 class=\"p1\"><b>ALCANCES PROFESIONALES DEL T\u00c9CNICO\/A EN RELACIONES P\u00daBLICAS<\/b><\/h2>\n<p>[\/vc_column_text][vc_column_text css=&#8221;&#8221;]\u2022 Colaborar en el diagn\u00f3stico, planeamiento, implementaci\u00f3n y evaluaci\u00f3n de acciones tendientes a optimizar las relaciones institucionales de organizaciones gubernamentales y no gubernamentales, p\u00fablicas y privadas.<\/p>\n<p>\u2022 Colaborar en la planificaci\u00f3n, implementaci\u00f3n y evaluaci\u00f3n de campa\u00f1as de propaganda y publicidad en relaci\u00f3n con la comunicaci\u00f3n de personas e instituciones.<\/p>\n<p>\u2022 Participar en la programaci\u00f3n, coordinaci\u00f3n e implementaci\u00f3n de acciones referidas al ceremonial y protocolo y en la organizaci\u00f3n de eventos culturales, sociales, empresariales, deportivos, tur\u00edsticos, comerciales.<\/p>\n<p>\u2022 Participar en equipos t\u00e9cnicos de consultoras en relaciones p\u00fablicas y departamentos dependientes de empresas y organizaciones.<span class=\"Apple-converted-space\">\u00a0<\/span><\/p>\n<p>\u2022 Participar en equipos de investigaci\u00f3n y auditor\u00edas sobre imagen y opini\u00f3n p\u00fablica referentes a personas o a instituciones.<\/p>\n<p>\u2022 Participar en la planificaci\u00f3n de proyectos y programas sobre pol\u00edticas de comunicaci\u00f3n de la imagen institucional de personas y organizaciones.<\/p>\n<p>\u2022 Gestionar, seleccionar y formular los mensajes y los medios de comunicaci\u00f3n a utilizar, de acuerdo con las demandas institucionales y comunicacionales en el \u00e1mbito de la organizaci\u00f3n.<\/p>\n<p>\u2022 Planificar, implementar y evaluar todo tipo de campa\u00f1a respecto de la imagen institucional y de la opini\u00f3n p\u00fablica.<\/p>\n<p>\u2022 Establecer canales de comunicaci\u00f3n fluidos y adecuados entre las instituciones y sus p\u00fablicos.[\/vc_column_text][\/vc_column][\/vc_row][vc_row css=&#8221;.vc_custom_1650984585651{background-color: #f2f2f2 !important;}&#8221;][vc_column][vc_column_text css=&#8221;&#8221;]<\/p>\n<h2 class=\"p1\"><b>PERFIL DEL LICENCIADO\/A EN RELACIONES P\u00daBLICAS<\/b><\/h2>\n<p>[\/vc_column_text][vc_column_text css=&#8221;&#8221;]El\/la Licenciado\/a en Relaciones P\u00fablicas es un\/a profesional que posee capacidad para:<\/p>\n<p>Comprender los fundamentos psicol\u00f3gicos y sociales en que se encuentran basadas las relaciones interhumanas para realizar una tarea de integraci\u00f3n \u00f3ptima.<\/p>\n<p>Comprender las bases cient\u00edficas de la organizaci\u00f3n humana considerando las aspiraciones, motivaciones, sentimientos y dem\u00e1s factores que constituyen la esencia de la persona humana.<\/p>\n<p>Situar a las comunicaciones sociales y a las relaciones p\u00fablicas en el marco de las ciencias sociales diferenciando sus contenidos espec\u00edficos.<\/p>\n<p>Programar, implementar, evaluar y auditar comunicaciones internas y externas de todo tipo de instituciones.<\/p>\n<p>Asesorar a los poderes p\u00fablicos en lo referido a legislaci\u00f3n y reglamentaci\u00f3n de actividades de relaciones p\u00fablicas y de comunicaci\u00f3n.<\/p>\n<p>Realizar arbitrajes o peritajes y toda aquella actividad del \u00e1mbito de su profesi\u00f3n cuando le sea requerido.<\/p>\n<p>Conocer los modelos b\u00e1sicos de la comunicaci\u00f3n humana desde el punto de vista del lenguaje simb\u00f3lico.<\/p>\n<p>Programar, ejecutar y evaluar campa\u00f1as de relaciones p\u00fablicas siendo un verdadero operador social.<\/p>\n<p>Es capaz de comprender los actuales escenarios econ\u00f3mico, social, pol\u00edtico y cultural, a nivel nacional y local, con el prop\u00f3sito de orientar adecuadamente<span class=\"Apple-converted-space\">\u00a0 <\/span>la aplicaci\u00f3n de procesos de Innovaci\u00f3n comunicacional.<\/p>\n<p>Posee una actitud abierta, cr\u00edtica y reflexiva respecto de la convivencia democr\u00e1tica, el respeto por la diversidad, el desarrollo y la justicia social,<span class=\"Apple-converted-space\">\u00a0 <\/span>que converge en la comprensi\u00f3n de la realidad social como una compleja construcci\u00f3n a partir de lo cual se considera los procesos comunicacionales.[\/vc_column_text][\/vc_column][\/vc_row][vc_row css=&#8221;.vc_custom_1650984751357{background-color: #eaeaea !important;}&#8221;][vc_column][vc_column_text css=&#8221;&#8221;]<\/p>\n<h2 class=\"p1\"><b>ALCANCES PROFESIONALES DEL <\/b><b>LICENCIADO\/A EN RELACIONES P\u00daBLICAS<\/b><\/h2>\n<p>[\/vc_column_text][vc_column_text css=&#8221;&#8221;]\u2022 Estructurar, proyectar y evaluar la imagen institucional de personas y de organizaciones de existencia real o ideal.<\/p>\n<p>\u2022 Organizar, implementar y evaluar acciones tendientes a optimizar las relaciones de la organizaci\u00f3n con sus p\u00fablicos, internos y externos.<\/p>\n<p>\u2022 Programar, coordinar, ejecutar y controlar acciones referidas al ceremonial y protocolo y a la organizaci\u00f3n de eventos culturales y sociales.<\/p>\n<p>\u2022 Programar, implementar y evaluar campa\u00f1as de propaganda y publicidad en relaci\u00f3n con la comunicaci\u00f3n de la imagen institucional de personas y organizaciones de existencia real o ideal.<\/p>\n<p>\u2022 Asesorar sobre pol\u00edticas de comunicaci\u00f3n de la imagen institucional de personas y de organizaciones de existencia real o ideal.<\/p>\n<p>\u2022 Realizar estudios e investigaciones referidos a la relaci\u00f3n entre la organizaci\u00f3n y sus p\u00fablicos y la imagen institucional de personas y organizaciones de existencia real o ideal.<\/p>\n<p>\u2022 Participar en la programaci\u00f3n y coordinaci\u00f3n de acciones destinadas a la prestaci\u00f3n de servicios de cooperaci\u00f3n social que realice la organizaci\u00f3n.<span class=\"Apple-converted-space\">\u00a0<\/span><\/p>\n<p>\u2022 Realizar estudios e investigaciones acerca de la estructuraci\u00f3n y evoluci\u00f3n de la opini\u00f3n p\u00fablica en general y de los p\u00fablicos en particular, en relaci\u00f3n con la imagen institucional de personas y organizaciones de existencia real o ideal.<\/p>\n<p>\u2022 Realizar arbitrajes y peritajes referidos a la imagen institucional de personas y organizaciones de existencia real o ideal.[\/vc_column_text]<div class=\"\"><a  id=\"btn-6a956730910bb\" class=\"btn btn-rounded  ti-book  btn-sm-sm\" href= \"http:\/\/www.sociales.unlz.edu.ar\/wp-content\/uploads\/2018\/10\/LicRelacionesPublicas.pdf\" target=\"_self\" >Plan de Estudios<\/a><\/div>[\/vc_column][\/vc_row]<\/p>\n<\/div>","protected":false},"excerpt":{"rendered":"<p>[vc_row css=&#8221;.vc_custom_1650984117222{background-color: #efefef !important;}&#8221;][vc_column][vc_column_text css=&#8221;&#8221;] PERFIL DEL T\u00c9CNICO\/A EN RELACIONES P\u00daBLICAS [\/vc_column_text][vc_column_text css=&#8221;&#8221;] El\/la T\u00e9cnico\/a Universitario\/a&#8230;<\/p>\n","protected":false},"author":9,"featured_media":5197,"parent":0,"menu_order":0,"comment_status":"closed","ping_status":"closed","template":"","meta":{"footnotes":""},"class_list":["post-4341","page","type-page","status-publish","has-post-thumbnail","hentry"],"_links":{"self":[{"href":"https:\/\/sociales.unlz.edu.ar\/index.php\/wp-json\/wp\/v2\/pages\/4341","targetHints":{"allow":["GET"]}}],"collection":[{"href":"https:\/\/sociales.unlz.edu.ar\/index.php\/wp-json\/wp\/v2\/pages"}],"about":[{"href":"https:\/\/sociales.unlz.edu.ar\/index.php\/wp-json\/wp\/v2\/types\/page"}],"author":[{"embeddable":true,"href":"https:\/\/sociales.unlz.edu.ar\/index.php\/wp-json\/wp\/v2\/users\/9"}],"replies":[{"embeddable":true,"href":"https:\/\/sociales.unlz.edu.ar\/index.php\/wp-json\/wp\/v2\/comments?post=4341"}],"version-history":[{"count":17,"href":"https:\/\/sociales.unlz.edu.ar\/index.php\/wp-json\/wp\/v2\/pages\/4341\/revisions"}],"predecessor-version":[{"id":26922,"href":"https:\/\/sociales.unlz.edu.ar\/index.php\/wp-json\/wp\/v2\/pages\/4341\/revisions\/26922"}],"wp:featuredmedia":[{"embeddable":true,"href":"https:\/\/sociales.unlz.edu.ar\/index.php\/wp-json\/wp\/v2\/media\/5197"}],"wp:attachment":[{"href":"https:\/\/sociales.unlz.edu.ar\/index.php\/wp-json\/wp\/v2\/media?parent=4341"}],"curies":[{"name":"wp","href":"https:\/\/api.w.org\/{rel}","templated":true}]}}